{"id":30089,"date":"2025-07-26T17:57:49","date_gmt":"2025-07-26T17:57:49","guid":{"rendered":"https:\/\/ettagoglobal.com\/?page_id=30089"},"modified":"2026-04-15T09:54:44","modified_gmt":"2026-04-15T09:54:44","slug":"bezplatne-wydarzenia","status":"publish","type":"page","link":"https:\/\/ettagoglobal.com\/pl\/bezplatne-wydarzenia\/","title":{"rendered":"Bezp\u0142atne wydarzenia"},"content":{"rendered":"<p>[vc_row full_width=&#8221;stretch_row&#8221; css=&#8221;.vc_custom_1753552842441{background-image: url(https:\/\/ettagoglobal.com\/wp-content\/uploads\/2022\/03\/o-nas-background.jpg?id=1471)&nbsp;!important;background-position: center&nbsp;!important;background-repeat: no-repeat&nbsp;!important;background-size: cover&nbsp;!important;}&#8221; el_class=&#8221;main-slide&#8221;][vc_column width=&#8221;4\/5&#8243;][vc_empty_space height=&#8221;100px&#8221;][vc_column_text]<\/p>\n<h1>Bezp\u0142atne wydarzenia w&nbsp;ETTA<\/h1>\n<p>[\/vc_column_text][vc_empty_space height=&#8221;30px&#8221;][vc_column_text]<\/p>\n<div class=\"wpb_text_column wpb_content_element \">\n<div class=\"wpb_wrapper\">\n<p>Rozwijaj si\u0119 z&nbsp;ETTA Go Global! Regularnie organizujemy bezp\u0142atne wydarzenia, kt\u00f3re pomog\u0105 Ci si\u0119 rozwija\u0107 i&nbsp;sta\u0107 si\u0119 lepszym liderem. Webinary, dni nauki lub&nbsp;specjalne sesje otwarte &#8211; ka\u017cdy mo\u017ce znale\u017a\u0107 co\u015b, co najbardziej mu odpowiada.<\/p>\n<\/div>\n<\/div>\n<p>[\/vc_column_text][vc_empty_space height=&#8221;100px&#8221;][\/vc_column][vc_column width=&#8221;1\/5&#8243;][\/vc_column][\/vc_row][vc_row][vc_column][vc_separator][vc_empty_space height=&#8221;60px&#8221;][vc_column_text]<\/p>\n<h2>Nadchodz\u0105ce wydarzenia<\/h2>\n<p>[\/vc_column_text][vc_empty_space height=&#8221;30px&#8221;][\/vc_column][\/vc_row][vc_row full_width=&#8221;stretch_row&#8221; gap=&#8221;20&#8243; content_placement=&#8221;middle&#8221; el_class=&#8221;training-list&#8221;][vc_column width=&#8221;1\/4&#8243;][mnky_retina_image img_url=&#8221;30730&#8243; width=&#8221;206px&#8221; height=&#8221;206px&#8221;][\/vc_column][vc_column width=&#8221;1\/2&#8243;][vc_column_text]<\/p>\n<h2>Co naprawd\u0119 decyduje o&nbsp;skuteczno\u015bci zespo\u0142\u00f3w? Webinar Evidence-Based HR<\/h2>\n<p>[\/vc_column_text][vc_empty_space height=&#8221;30px&#8221;][vc_column_text]<\/p>\n<div class=\"wpb_text_column wpb_content_element \">\n<div class=\"wpb_wrapper\">\n<p>Jest to bezp\u0142atny webinar\u00a0po\u015bwi\u0119cony odkrywaniu rzeczywistych czynnik\u00f3w wp\u0142ywaj\u0105cych na&nbsp;skuteczno\u015b\u0107 zespo\u0142\u00f3w w&nbsp;oparciu o&nbsp;dane i&nbsp;badania naukowe.<\/p>\n<p>Spotkanie koncentruje si\u0119 na&nbsp;\u201eniewidzialnych si\u0142ach\u201d, takich jak <strong>bezpiecze\u0144stwo psychologiczne<\/strong>\u00a0czy\u00a0<strong>r\u00f3\u017cnorodno\u015b\u0107 poznawcza<\/strong>, promuj\u0105c odej\u015bcie od intuicji na\u00a0rzecz mierzalnych strategii HR. Uczestnicy poznaj\u0105 praktyczne narz\u0119dzia i\u00a0do\u015bwiadczenia globalnych ekspert\u00f3w, kt\u00f3re pomagaj\u0105 budowa\u0107 efektywne zespo\u0142y oraz\u00a0kultur\u0119 zaufania wewn\u0105trz organizacji.<\/p>\n<\/div>\n<\/div>\n<p>[\/vc_column_text][vc_empty_space height=&#8221;30px&#8221;][vc_column_text el_class=&#8221;more&#8221;]<a href=\"https:\/\/webinar-evidence-based-hr.grwebsite.eu\/\" target=\"_blank\" rel=\"noopener\">Wi\u0119cej informacji i&nbsp;zapisy<\/a>[\/vc_column_text][\/vc_column][vc_column width=&#8221;1\/4&#8243;][mnky_list_item icon_fontawesome=&#8221;fas fa-calendar-alt&#8221;]28 kwietnia, 11:00-12:00[\/mnky_list_item][mnky_list_item icon_fontawesome=&#8221;fas fa-map-pin&#8221;]online[\/mnky_list_item][mnky_list_item icon_fontawesome=&#8221;fas fa-language&#8221;]j\u0119z. polski[\/mnky_list_item][mnky_list_item icon_fontawesome=&#8221;fas fa-edit&#8221; link=&#8221;url:https%3A%2F%2Fwebinar-evidence-based-hr.grwebsite.eu%2F|target:_blank&#8221;]obowi\u0105zuj\u0105 zapisy[\/mnky_list_item][\/vc_column][\/vc_row][vc_row][vc_column][vc_separator][vc_empty_space height=&#8221;60px&#8221;][vc_column_text]<\/p>\n<h2>Minione wydarzenia<\/h2>\n<p>[\/vc_column_text][vc_empty_space height=&#8221;30px&#8221;][\/vc_column][\/vc_row][vc_row full_width=&#8221;stretch_row&#8221; gap=&#8221;20&#8243; content_placement=&#8221;middle&#8221; el_class=&#8221;training-list&#8221;][vc_column width=&#8221;1\/4&#8243;][mnky_retina_image img_url=&#8221;30634&#8243; width=&#8221;206px&#8221; height=&#8221;206px&#8221;][\/vc_column][vc_column width=&#8221;1\/2&#8243;][vc_column_text]<\/p>\n<h2>Zarz\u0105dzanie mi\u0119dzykulturowe \u2013 Jak wsp\u00f3\u0142pracowa\u0107 w&nbsp;mi\u0119dzynarodowym zespole? Warsztat w&nbsp;Warszawie<\/h2>\n<p>[\/vc_column_text][vc_empty_space height=&#8221;30px&#8221;][vc_column_text]<\/p>\n<div class=\"wpb_text_column wpb_content_element \">\n<div class=\"wpb_wrapper\">\n<p><strong>ETTA Learning Space<\/strong>\u00a0to bezp\u0142atne spotkanie dla\u00a0lider\u00f3w i\u00a0profesjonalist\u00f3w HR, kt\u00f3re jest po\u015bwi\u0119cone praktycznym aspektom wsp\u00f3\u0142pracy w\u00a0mi\u0119dzynarodowych zespo\u0142ach. Warsztat prowadzony przez\u00a0<strong>Monik\u0119 Chutnik<\/strong>\u00a0pozwoli uczestnikom zrozumie\u0107 poziomy kompetencji mi\u0119dzykulturowej oraz\u00a0pozna\u0107 przyczyny typowych nieporozumie\u0144 na\u00a0styku polskiej i\u00a0zagranicznych kultur biznesowych.<\/p>\n<p>Program opiera si\u0119 na\u00a0sprawdzonych modelach merytorycznych (m.in. Meyer, Hofstede) i\u00a0ma na\u00a0celu wyposa\u017cenie uczestnik\u00f3w w\u00a0konkretne narz\u0119dzia do\u00a0budowania bardziej efektywnej wsp\u00f3\u0142pracy w\u00a0globalnym \u015brodowisku.<\/p>\n<\/div>\n<\/div>\n<p>[\/vc_column_text][vc_empty_space height=&#8221;30px&#8221;][vc_column_text el_class=&#8221;more&#8221;]<a href=\"https:\/\/etta-learning-space-warszawa.grwebsite.pl\/\" target=\"_blank\" rel=\"noopener\">Wi\u0119cej informacji i&nbsp;zapisy<\/a>[\/vc_column_text][\/vc_column][vc_column width=&#8221;1\/4&#8243;][mnky_list_item icon_fontawesome=&#8221;fas fa-calendar-alt&#8221;]24 marca[\/mnky_list_item][mnky_list_item icon_fontawesome=&#8221;fas fa-map-pin&#8221;]Warszawa[\/mnky_list_item][mnky_list_item icon_fontawesome=&#8221;fas fa-language&#8221;]j\u0119z. polski[\/mnky_list_item][mnky_list_item icon_fontawesome=&#8221;fas fa-edit&#8221; link=&#8221;url:https%3A%2F%2Fetta-learning-space-warszawa.grwebsite.pl%2F|target:_blank&#8221;]obowi\u0105zuj\u0105 zapisy[\/mnky_list_item][\/vc_column][\/vc_row][vc_row][vc_column][vc_separator][\/vc_column][\/vc_row][vc_row full_width=&#8221;stretch_row&#8221; gap=&#8221;20&#8243; content_placement=&#8221;middle&#8221; el_class=&#8221;training-list&#8221;][vc_column width=&#8221;1\/4&#8243;][mnky_retina_image img_url=&#8221;30605&#8243; width=&#8221;206px&#8221; height=&#8221;206px&#8221;][\/vc_column][vc_column width=&#8221;1\/2&#8243;][vc_column_text]<\/p>\n<h2>Co naprawd\u0119 decyduje o&nbsp;skuteczno\u015bci zespo\u0142\u00f3w? Warsztat Evidence-Based HR we Wroc\u0142awiu<\/h2>\n<p>[\/vc_column_text][vc_empty_space height=&#8221;30px&#8221;][vc_column_text]<\/p>\n<div class=\"wpb_text_column wpb_content_element \">\n<div class=\"wpb_wrapper\">\n<p>Jest to bezp\u0142atny warsztat organizowany przez\u00a0<strong>ETTA.Go Global<\/strong>\u00a0i\u00a0<strong>Capgemini<\/strong>, po\u015bwi\u0119cony odkrywaniu rzeczywistych czynnik\u00f3w wp\u0142ywaj\u0105cych na&nbsp;skuteczno\u015b\u0107 zespo\u0142\u00f3w w&nbsp;oparciu o&nbsp;dane i&nbsp;badania naukowe. Spotkanie koncentruje si\u0119 na&nbsp;\u201eniewidzialnych si\u0142ach\u201d, takich jak <strong>bezpiecze\u0144stwo psychologiczne<\/strong>\u00a0czy\u00a0<strong>r\u00f3\u017cnorodno\u015b\u0107 poznawcza<\/strong>, promuj\u0105c odej\u015bcie od intuicji na\u00a0rzecz mierzalnych strategii HR. Uczestnicy poznaj\u0105 praktyczne narz\u0119dzia i\u00a0do\u015bwiadczenia globalnych ekspert\u00f3w, kt\u00f3re pomagaj\u0105 budowa\u0107 efektywne zespo\u0142y oraz\u00a0kultur\u0119 zaufania wewn\u0105trz organizacji.<\/p>\n<\/div>\n<\/div>\n<p>[\/vc_column_text][vc_empty_space height=&#8221;30px&#8221;][vc_column_text el_class=&#8221;more&#8221;]<a href=\"https:\/\/evidence-based-hr-wroclaw.grwebsite.pl\/\" target=\"_blank\" rel=\"noopener\">Wi\u0119cej informacji i&nbsp;zapisy<\/a>[\/vc_column_text][\/vc_column][vc_column width=&#8221;1\/4&#8243;][mnky_list_item icon_fontawesome=&#8221;fas fa-calendar-alt&#8221;]30 marca[\/mnky_list_item][mnky_list_item icon_fontawesome=&#8221;fas fa-map-pin&#8221;]Wroc\u0142aw[\/mnky_list_item][mnky_list_item icon_fontawesome=&#8221;fas fa-language&#8221;]j\u0119z. polski[\/mnky_list_item][mnky_list_item icon_fontawesome=&#8221;fas fa-edit&#8221; link=&#8221;url:https%3A%2F%2Fevidence-based-hr-wroclaw.grwebsite.pl%2F|target:_blank&#8221;]obowi\u0105zuj\u0105 zapisy[\/mnky_list_item][\/vc_column][\/vc_row][vc_row][vc_column][vc_separator][\/vc_column][\/vc_row][vc_row full_width=&#8221;stretch_row&#8221; gap=&#8221;20&#8243; content_placement=&#8221;middle&#8221; el_class=&#8221;training-list&#8221;][vc_column width=&#8221;1\/4&#8243;][mnky_retina_image img_url=&#8221;30630&#8243; width=&#8221;206px&#8221; height=&#8221;206px&#8221;][\/vc_column][vc_column width=&#8221;1\/2&#8243;][vc_column_text]<\/p>\n<h2>Zarz\u0105dzanie mi\u0119dzykulturowe \u2013 Jak wsp\u00f3\u0142pracowa\u0107 w&nbsp;mi\u0119dzynarodowym zespole? Warsztat w&nbsp;Gdyni<\/h2>\n<p>[\/vc_column_text][vc_empty_space height=&#8221;30px&#8221;][vc_column_text]<\/p>\n<div class=\"wpb_text_column wpb_content_element \">\n<div class=\"wpb_wrapper\">\n<p><strong>ETTA Learning Space<\/strong>\u00a0to bezp\u0142atne spotkanie dla\u00a0lider\u00f3w i\u00a0profesjonalist\u00f3w HR, kt\u00f3re jest po\u015bwi\u0119cone praktycznym aspektom wsp\u00f3\u0142pracy w\u00a0mi\u0119dzynarodowych zespo\u0142ach. Warsztat prowadzony przez\u00a0<strong>Monik\u0119 Chutnik<\/strong>\u00a0pozwoli uczestnikom zrozumie\u0107 poziomy kompetencji mi\u0119dzykulturowej oraz\u00a0pozna\u0107 przyczyny typowych nieporozumie\u0144 na\u00a0styku polskiej i\u00a0zagranicznych kultur biznesowych.<\/p>\n<p>Program opiera si\u0119 na\u00a0sprawdzonych modelach merytorycznych (m.in. Meyer, Hofstede) i\u00a0ma na\u00a0celu wyposa\u017cenie uczestnik\u00f3w w\u00a0konkretne narz\u0119dzia do\u00a0budowania bardziej efektywnej wsp\u00f3\u0142pracy w\u00a0globalnym \u015brodowisku.<\/p>\n<\/div>\n<\/div>\n<p>[\/vc_column_text][vc_empty_space height=&#8221;30px&#8221;][vc_column_text el_class=&#8221;more&#8221;]<a href=\"https:\/\/etta-learning-space-gdynia.grwebsite.pl\/\" target=\"_blank\" rel=\"noopener\">Wi\u0119cej informacji i&nbsp;zapisy<\/a>[\/vc_column_text][\/vc_column][vc_column width=&#8221;1\/4&#8243;][mnky_list_item icon_fontawesome=&#8221;fas fa-calendar-alt&#8221;]14 kwietnia[\/mnky_list_item][mnky_list_item icon_fontawesome=&#8221;fas fa-map-pin&#8221;]Gdynia[\/mnky_list_item][mnky_list_item icon_fontawesome=&#8221;fas fa-language&#8221;]j\u0119z. polski[\/mnky_list_item][mnky_list_item icon_fontawesome=&#8221;fas fa-edit&#8221; link=&#8221;url:https%3A%2F%2Fetta-learning-space-gdynia.grwebsite.pl%2F|target:_blank&#8221;]obowi\u0105zuj\u0105 zapisy[\/mnky_list_item][\/vc_column][\/vc_row][vc_row full_width=&#8221;stretch_row&#8221; gap=&#8221;20&#8243; content_placement=&#8221;middle&#8221; el_class=&#8221;training-list&#8221;][vc_column width=&#8221;1\/4&#8243;][mnky_retina_image img_url=&#8221;27669&#8243; width=&#8221;206px&#8221; height=&#8221;206px&#8221;][\/vc_column][vc_column width=&#8221;1\/2&#8243;][vc_column_text]<\/p>\n<h2>Globalne zespo\u0142y, lokalne opory \u2013 jak skutecznie prowadzi\u0107 zmian\u0119 w&nbsp;mi\u0119dzynarodowym \u015brodowisku?<\/h2>\n<p>[\/vc_column_text][vc_empty_space height=&#8221;30px&#8221;][vc_column_text]Do\u0142\u0105cz do&nbsp;nas na&nbsp;webinar o&nbsp;zarz\u0105dzaniu zmian\u0105 w&nbsp;dynamicznych, mi\u0119dzykulturowych zespo\u0142ach i&nbsp;organizacjach.<\/p>\n<p>Spotkanie odb\u0119dzie si\u0119 19.11.2025 o&nbsp;godz. 11:00 i&nbsp;b\u0119dzie prowadzone przez&nbsp;Monik\u0119 Chutnik z&nbsp;ETTA Go Global i&nbsp;Piotra Parysa z&nbsp;Silfra Consulting. Wi\u0119cej informacji w&nbsp;linku poni\u017cej.[\/vc_column_text][vc_empty_space height=&#8221;30px&#8221;][vc_column_text el_class=&#8221;more&#8221;]<a href=\"https:\/\/hubs.la\/Q03PFbRp0\" target=\"_blank\" rel=\"noopener\">Wi\u0119cej informacji i&nbsp;zapisy<\/a>[\/vc_column_text][\/vc_column][vc_column width=&#8221;1\/4&#8243;][mnky_list_item icon_fontawesome=&#8221;fas fa-calendar-alt&#8221;]19 listopada[\/mnky_list_item][mnky_list_item icon_fontawesome=&#8221;fas fa-map-pin&#8221;]online[\/mnky_list_item][mnky_list_item icon_fontawesome=&#8221;fas fa-language&#8221;]j\u0119z. polski[\/mnky_list_item][mnky_list_item icon_fontawesome=&#8221;fas fa-edit&#8221; link=&#8221;url:https%3A%2F%2Fhubs.la%2FQ03PFbRp0|target:_blank&#8221;]obowi\u0105zuj\u0105 zapisy[\/mnky_list_item][\/vc_column][\/vc_row][vc_row][vc_column][vc_separator][\/vc_column][\/vc_row][vc_row full_width=&#8221;stretch_row&#8221; gap=&#8221;20&#8243; content_placement=&#8221;middle&#8221; el_class=&#8221;training-list&#8221;][vc_column width=&#8221;1\/4&#8243;][mnky_retina_image img_url=&#8221;27559&#8243; width=&#8221;206px&#8221; height=&#8221;206px&#8221;][\/vc_column][vc_column width=&#8221;1\/2&#8243;][vc_column_text]<\/p>\n<h2>ETTA Q&amp;A: Co obcokrajowcy naprawd\u0119 my\u015bl\u0105 o&nbsp;Polakach?<\/h2>\n<p>[\/vc_column_text][vc_empty_space height=&#8221;30px&#8221;][vc_column_text]Co naprawd\u0119 my\u015bl\u0105 o&nbsp;nas obcokrajowcy? Czy&nbsp;jeste\u015bmy ekspresyjnymi Hiszpanami p\u00f3\u0142nocy? Czy&nbsp;jeste\u015bmy zdeterminowani i&nbsp;zorientowani na&nbsp;prac\u0119? Wreszcie, czy&nbsp;inni ch\u0119tnie widz\u0105 w&nbsp;nas wsp\u00f3\u0142pracownik\u00f3w?<\/p>\n<p>Na&nbsp;te pytania odpowie Monika Chutnik podczas 30-minutowej sesji Q&amp;A w&nbsp;\u015brod\u0119 3.12 o&nbsp;godz. 11:00. Zapisz si\u0119, \u017ceby wzi\u0105\u0107 udzia\u0142 w&nbsp;wydarzeniu.[\/vc_column_text][vc_empty_space height=&#8221;30px&#8221;][vc_column_text el_class=&#8221;more&#8221;]<a href=\"https:\/\/etta-qa-co-sadza-obcokrajowcy.getresponsewebsite.com\/\" target=\"_blank\" rel=\"noopener\">Wi\u0119cej informacji i&nbsp;zapisy<\/a>[\/vc_column_text][\/vc_column][vc_column width=&#8221;1\/4&#8243;][mnky_list_item icon_fontawesome=&#8221;fas fa-calendar-alt&#8221;]3 grudnia[\/mnky_list_item][mnky_list_item icon_fontawesome=&#8221;fas fa-map-pin&#8221;]online[\/mnky_list_item][mnky_list_item icon_fontawesome=&#8221;fas fa-language&#8221;]j\u0119z. polski[\/mnky_list_item][mnky_list_item icon_fontawesome=&#8221;fas fa-edit&#8221; link=&#8221;url:https%3A%2F%2Fetta-qa-co-sadza-obcokrajowcy.getresponsewebsite.com%2F|target:_blank&#8221;]obowi\u0105zuj\u0105 zapisy[\/mnky_list_item][\/vc_column][\/vc_row][vc_row][vc_column][vc_separator][\/vc_column][\/vc_row][vc_row full_width=&#8221;stretch_row&#8221; gap=&#8221;20&#8243; content_placement=&#8221;middle&#8221; el_class=&#8221;training-list&#8221;][vc_column width=&#8221;1\/4&#8243;][mnky_retina_image img_url=&#8221;27421&#8243; width=&#8221;206px&#8221; height=&#8221;206px&#8221;][\/vc_column][vc_column width=&#8221;1\/2&#8243;][vc_column_text]<\/p>\n<h2>ETTA Q&amp;A: Dlaczego Hindusi zawsze m\u00f3wi\u0105 \u2018yes\u2019, nawet je\u015bli czego\u015b nie rozumiej\u0105?<\/h2>\n<p>[\/vc_column_text][vc_empty_space height=&#8221;30px&#8221;][vc_column_text]Dlaczego w&nbsp;kulturze indyjskiej tak cz\u0119sto s\u0142yszymy \u201etak\u201d, nawet je\u015bli druga osoba nie do&nbsp;ko\u0144ca si\u0119 zgadza lub&nbsp;nie zrozumia\u0142a pytania? Co oznacza to s\u0142owo w&nbsp;kontek\u015bcie komunikacji mi\u0119dzykulturowej i&nbsp;jak mo\u017cemy unikn\u0105\u0107 nieporozumie\u0144 podczas wsp\u00f3\u0142pracy z&nbsp;osobami z&nbsp;Indii?<\/p>\n<p>Podczas 30-minutowej sesji pyta\u0144 i&nbsp;odpowiedzi Monika Chutnik, ekspertka ETTA Go Global, odpowie na&nbsp;te pytania. Spotkamy si\u0119 w&nbsp;\u015brod\u0119, 29 pa\u017adziernika, o&nbsp;godz. 11:00. Zarejestruj si\u0119, aby&nbsp;wzi\u0105\u0107 udzia\u0142 w&nbsp;wydarzeniu.[\/vc_column_text][vc_empty_space height=&#8221;30px&#8221;][vc_column_text el_class=&#8221;more&#8221;]<a href=\"http:\/\/etta-qa-dlaczego-hindusi-zawsze-mowia-yes.grwebsite.pl\" target=\"_blank\" rel=\"noopener\">Wi\u0119cej informacji i&nbsp;zapisy<\/a>[\/vc_column_text][\/vc_column][vc_column width=&#8221;1\/4&#8243;][mnky_list_item icon_fontawesome=&#8221;fas fa-calendar-alt&#8221;]29 pa\u017adziernika[\/mnky_list_item][mnky_list_item icon_fontawesome=&#8221;fas fa-map-pin&#8221;]online[\/mnky_list_item][mnky_list_item icon_fontawesome=&#8221;fas fa-language&#8221;]j\u0119z. polski[\/mnky_list_item][mnky_list_item icon_fontawesome=&#8221;fas fa-edit&#8221; link=&#8221;url:http%3A%2F%2Fetta-qa-dlaczego-hindusi-zawsze-mowia-yes.grwebsite.pl|target:_blank&#8221;]obowi\u0105zuj\u0105 zapisy[\/mnky_list_item][\/vc_column][\/vc_row][vc_row full_width=&#8221;stretch_row&#8221;][vc_column][vc_separator color=&#8221;custom&#8221; accent_color=&#8221;#eaeaea&#8221;][\/vc_column][\/vc_row][vc_row full_width=&#8221;stretch_row&#8221; gap=&#8221;20&#8243; content_placement=&#8221;middle&#8221; el_class=&#8221;training-list&#8221;][vc_column width=&#8221;1\/4&#8243;][mnky_retina_image img_url=&#8221;27735&#8243; width=&#8221;206px&#8221; height=&#8221;206px&#8221;][\/vc_column][vc_column width=&#8221;1\/2&#8243;][vc_column_text]<\/p>\n<h2>ETTA Q&amp;A: Co obcokrajowcy naprawd\u0119 my\u015bl\u0105 o&nbsp;Polakach?<\/h2>\n<p>[\/vc_column_text][vc_empty_space height=&#8221;30px&#8221;][vc_column_text]Co naprawd\u0119 my\u015bl\u0105 o&nbsp;nas obcokrajowcy? Czy&nbsp;jeste\u015bmy ekspresyjnymi Hiszpanami p\u00f3\u0142nocy? Czy&nbsp;jeste\u015bmy zdeterminowani i&nbsp;zorientowani na&nbsp;prac\u0119? Wreszcie, czy&nbsp;inni ch\u0119tnie widz\u0105 w&nbsp;nas wsp\u00f3\u0142pracownik\u00f3w?<\/p>\n<p>Na&nbsp;te pytania odpowie Monika Chutnik podczas 30-minutowej sesji Q&amp;A w&nbsp;pi\u0105tek 17.10 o&nbsp;godz. 9:00. Zapisz si\u0119, \u017ceby wzi\u0105\u0107 udzia\u0142 w&nbsp;wydarzeniu.[\/vc_column_text][vc_empty_space height=&#8221;30px&#8221;][\/vc_column][vc_column width=&#8221;1\/4&#8243;][mnky_list_item icon_fontawesome=&#8221;fas fa-calendar-alt&#8221;]17 pa\u017adziernika[\/mnky_list_item][mnky_list_item icon_fontawesome=&#8221;fas fa-map-pin&#8221;]online[\/mnky_list_item][mnky_list_item icon_fontawesome=&#8221;fas fa-language&#8221;]j\u0119z. angielski[\/mnky_list_item][mnky_list_item icon_fontawesome=&#8221;fas fa-edit&#8221;]obowi\u0105zuj\u0105 zapisy[\/mnky_list_item][\/vc_column][\/vc_row][vc_row][vc_column][vc_separator][\/vc_column][\/vc_row][vc_row][vc_column][vc_empty_space height=&#8221;60px&#8221;][\/vc_column][\/vc_row]<\/p>\n","protected":false},"excerpt":{"rendered":"<p>[vc_row full_width=&#8221;stretch_row&#8221; css=&#8221;.vc_custom_1753552842441{background-image: url(https:\/\/ettagoglobal.com\/wp-content\/uploads\/2022\/03\/o-nas-background.jpg?id=1471)&nbsp;!important;background-position: center&nbsp;!important;background-repeat: no-repeat&nbsp;!important;background-size: cover&nbsp;!important;}&#8221; el_class=&#8221;main-slide&#8221;][vc_column width=&#8221;4\/5&#8243;][vc_empty_space height=&#8221;100px&#8221;][vc_column_text] Bezp\u0142atne wydarzenia w&nbsp;ETTA [\/vc_column_text][vc_empty_space height=&#8221;30px&#8221;][vc_column_text] Rozwijaj si\u0119 z&nbsp;ETTA Go Global! &hellip; <\/p>\n","protected":false},"author":7,"featured_media":24873,"parent":0,"menu_order":56,"comment_status":"closed","ping_status":"closed","template":"page-no-paddings.php","meta":{"_acf_changed":false,"footnotes":"","_links_to":"","_links_to_target":""},"class_list":["post-30089","page","type-page","status-publish","has-post-thumbnail","hentry"],"acf":[],"yoast_head":"<!-- This site is optimized with the Yoast SEO plugin v27.3 - https:\/\/yoast.com\/product\/yoast-seo-wordpress\/ -->\n<title>Bezp\u0142atne wydarzenia - ETTA<\/title>\n<meta name=\"description\" content=\"W ETTA Go Global mo\u017cesz regularnie wzi\u0105\u0107 udzia\u0142 w bezp\u0142atnych wydarzeniach: webinarach i sesjach otwartych. Dla HR-\u00f3w oraz lider\u00f3w i liderek.\" \/>\n<meta name=\"robots\" content=\"index, follow, max-snippet:-1, max-image-preview:large, max-video-preview:-1\" \/>\n<link rel=\"canonical\" href=\"https:\/\/ettagoglobal.com\/pl\/bezplatne-wydarzenia\/\" \/>\n<meta property=\"og:locale\" content=\"pl_PL\" \/>\n<meta property=\"og:type\" content=\"article\" \/>\n<meta property=\"og:title\" content=\"Bezp\u0142atne wydarzenia - ETTA\" \/>\n<meta property=\"og:description\" content=\"W ETTA Go Global mo\u017cesz regularnie wzi\u0105\u0107 udzia\u0142 w bezp\u0142atnych wydarzeniach: webinarach i sesjach otwartych. Dla HR-\u00f3w oraz lider\u00f3w i liderek.\" \/>\n<meta property=\"og:url\" content=\"https:\/\/ettagoglobal.com\/pl\/bezplatne-wydarzenia\/\" \/>\n<meta property=\"og:site_name\" content=\"ETTA\" \/>\n<meta property=\"article:modified_time\" content=\"2026-04-15T09:54:44+00:00\" \/>\n<meta property=\"og:image\" content=\"https:\/\/ettagoglobal.com\/wp-content\/uploads\/2022\/04\/zarzadzanie-pokoleniami.jpg\" \/>\n\t<meta property=\"og:image:width\" content=\"400\" \/>\n\t<meta property=\"og:image:height\" content=\"400\" \/>\n\t<meta property=\"og:image:type\" content=\"image\/jpeg\" \/>\n<meta name=\"twitter:card\" content=\"summary_large_image\" \/>\n<meta name=\"twitter:label1\" content=\"Szacowany czas czytania\" \/>\n\t<meta name=\"twitter:data1\" content=\"6 minut\" \/>\n<script type=\"application\/ld+json\" class=\"yoast-schema-graph\">{\"@context\":\"https:\\\/\\\/schema.org\",\"@graph\":[{\"@type\":\"WebPage\",\"@id\":\"https:\\\/\\\/ettagoglobal.com\\\/pl\\\/bezplatne-wydarzenia\\\/\",\"url\":\"https:\\\/\\\/ettagoglobal.com\\\/pl\\\/bezplatne-wydarzenia\\\/\",\"name\":\"Bezp\u0142atne wydarzenia - ETTA\",\"isPartOf\":{\"@id\":\"https:\\\/\\\/ettagoglobal.com\\\/#website\"},\"primaryImageOfPage\":{\"@id\":\"https:\\\/\\\/ettagoglobal.com\\\/pl\\\/bezplatne-wydarzenia\\\/#primaryimage\"},\"image\":{\"@id\":\"https:\\\/\\\/ettagoglobal.com\\\/pl\\\/bezplatne-wydarzenia\\\/#primaryimage\"},\"thumbnailUrl\":\"https:\\\/\\\/ettagoglobal.com\\\/wp-content\\\/uploads\\\/2022\\\/04\\\/zarzadzanie-pokoleniami.jpg\",\"datePublished\":\"2025-07-26T17:57:49+00:00\",\"dateModified\":\"2026-04-15T09:54:44+00:00\",\"description\":\"W ETTA Go Global mo\u017cesz regularnie wzi\u0105\u0107 udzia\u0142 w bezp\u0142atnych wydarzeniach: webinarach i sesjach otwartych. Dla HR-\u00f3w oraz lider\u00f3w i liderek.\",\"breadcrumb\":{\"@id\":\"https:\\\/\\\/ettagoglobal.com\\\/pl\\\/bezplatne-wydarzenia\\\/#breadcrumb\"},\"inLanguage\":\"pl-PL\",\"potentialAction\":[{\"@type\":\"ReadAction\",\"target\":[\"https:\\\/\\\/ettagoglobal.com\\\/pl\\\/bezplatne-wydarzenia\\\/\"]}]},{\"@type\":\"ImageObject\",\"inLanguage\":\"pl-PL\",\"@id\":\"https:\\\/\\\/ettagoglobal.com\\\/pl\\\/bezplatne-wydarzenia\\\/#primaryimage\",\"url\":\"https:\\\/\\\/ettagoglobal.com\\\/wp-content\\\/uploads\\\/2022\\\/04\\\/zarzadzanie-pokoleniami.jpg\",\"contentUrl\":\"https:\\\/\\\/ettagoglobal.com\\\/wp-content\\\/uploads\\\/2022\\\/04\\\/zarzadzanie-pokoleniami.jpg\",\"width\":400,\"height\":400,\"caption\":\"zarz\u0105dzanie pokoleniami szkolenie ETTA pokolenie Z generacja Z\"},{\"@type\":\"BreadcrumbList\",\"@id\":\"https:\\\/\\\/ettagoglobal.com\\\/pl\\\/bezplatne-wydarzenia\\\/#breadcrumb\",\"itemListElement\":[{\"@type\":\"ListItem\",\"position\":1,\"name\":\"Strona g\u0142\u00f3wna\",\"item\":\"https:\\\/\\\/ettagoglobal.com\\\/pl\\\/home-2\\\/\"},{\"@type\":\"ListItem\",\"position\":2,\"name\":\"Bezp\u0142atne wydarzenia\"}]},{\"@type\":\"WebSite\",\"@id\":\"https:\\\/\\\/ettagoglobal.com\\\/#website\",\"url\":\"https:\\\/\\\/ettagoglobal.com\\\/\",\"name\":\"ETTA\",\"description\":\"Global Connections. Let&#039;s do it bETTA!\",\"potentialAction\":[{\"@type\":\"SearchAction\",\"target\":{\"@type\":\"EntryPoint\",\"urlTemplate\":\"https:\\\/\\\/ettagoglobal.com\\\/?s={search_term_string}\"},\"query-input\":{\"@type\":\"PropertyValueSpecification\",\"valueRequired\":true,\"valueName\":\"search_term_string\"}}],\"inLanguage\":\"pl-PL\"}]}<\/script>\n<!-- \/ Yoast SEO plugin. -->","yoast_head_json":{"title":"Bezp\u0142atne wydarzenia - ETTA","description":"W ETTA Go Global mo\u017cesz regularnie wzi\u0105\u0107 udzia\u0142 w bezp\u0142atnych wydarzeniach: webinarach i sesjach otwartych. Dla HR-\u00f3w oraz lider\u00f3w i liderek.","robots":{"index":"index","follow":"follow","max-snippet":"max-snippet:-1","max-image-preview":"max-image-preview:large","max-video-preview":"max-video-preview:-1"},"canonical":"https:\/\/ettagoglobal.com\/pl\/bezplatne-wydarzenia\/","og_locale":"pl_PL","og_type":"article","og_title":"Bezp\u0142atne wydarzenia - ETTA","og_description":"W ETTA Go Global mo\u017cesz regularnie wzi\u0105\u0107 udzia\u0142 w bezp\u0142atnych wydarzeniach: webinarach i sesjach otwartych. Dla HR-\u00f3w oraz lider\u00f3w i liderek.","og_url":"https:\/\/ettagoglobal.com\/pl\/bezplatne-wydarzenia\/","og_site_name":"ETTA","article_modified_time":"2026-04-15T09:54:44+00:00","og_image":[{"width":400,"height":400,"url":"https:\/\/ettagoglobal.com\/wp-content\/uploads\/2022\/04\/zarzadzanie-pokoleniami.jpg","type":"image\/jpeg"}],"twitter_card":"summary_large_image","twitter_misc":{"Szacowany czas czytania":"6 minut"},"schema":{"@context":"https:\/\/schema.org","@graph":[{"@type":"WebPage","@id":"https:\/\/ettagoglobal.com\/pl\/bezplatne-wydarzenia\/","url":"https:\/\/ettagoglobal.com\/pl\/bezplatne-wydarzenia\/","name":"Bezp\u0142atne wydarzenia - ETTA","isPartOf":{"@id":"https:\/\/ettagoglobal.com\/#website"},"primaryImageOfPage":{"@id":"https:\/\/ettagoglobal.com\/pl\/bezplatne-wydarzenia\/#primaryimage"},"image":{"@id":"https:\/\/ettagoglobal.com\/pl\/bezplatne-wydarzenia\/#primaryimage"},"thumbnailUrl":"https:\/\/ettagoglobal.com\/wp-content\/uploads\/2022\/04\/zarzadzanie-pokoleniami.jpg","datePublished":"2025-07-26T17:57:49+00:00","dateModified":"2026-04-15T09:54:44+00:00","description":"W ETTA Go Global mo\u017cesz regularnie wzi\u0105\u0107 udzia\u0142 w bezp\u0142atnych wydarzeniach: webinarach i sesjach otwartych. Dla HR-\u00f3w oraz lider\u00f3w i liderek.","breadcrumb":{"@id":"https:\/\/ettagoglobal.com\/pl\/bezplatne-wydarzenia\/#breadcrumb"},"inLanguage":"pl-PL","potentialAction":[{"@type":"ReadAction","target":["https:\/\/ettagoglobal.com\/pl\/bezplatne-wydarzenia\/"]}]},{"@type":"ImageObject","inLanguage":"pl-PL","@id":"https:\/\/ettagoglobal.com\/pl\/bezplatne-wydarzenia\/#primaryimage","url":"https:\/\/ettagoglobal.com\/wp-content\/uploads\/2022\/04\/zarzadzanie-pokoleniami.jpg","contentUrl":"https:\/\/ettagoglobal.com\/wp-content\/uploads\/2022\/04\/zarzadzanie-pokoleniami.jpg","width":400,"height":400,"caption":"zarz\u0105dzanie pokoleniami szkolenie ETTA pokolenie Z generacja Z"},{"@type":"BreadcrumbList","@id":"https:\/\/ettagoglobal.com\/pl\/bezplatne-wydarzenia\/#breadcrumb","itemListElement":[{"@type":"ListItem","position":1,"name":"Strona g\u0142\u00f3wna","item":"https:\/\/ettagoglobal.com\/pl\/home-2\/"},{"@type":"ListItem","position":2,"name":"Bezp\u0142atne wydarzenia"}]},{"@type":"WebSite","@id":"https:\/\/ettagoglobal.com\/#website","url":"https:\/\/ettagoglobal.com\/","name":"ETTA","description":"Global Connections. Let&#039;s do it bETTA!","potentialAction":[{"@type":"SearchAction","target":{"@type":"EntryPoint","urlTemplate":"https:\/\/ettagoglobal.com\/?s={search_term_string}"},"query-input":{"@type":"PropertyValueSpecification","valueRequired":true,"valueName":"search_term_string"}}],"inLanguage":"pl-PL"}]}},"_links":{"self":[{"href":"https:\/\/ettagoglobal.com\/pl\/wp-json\/wp\/v2\/pages\/30089","targetHints":{"allow":["GET"]}}],"collection":[{"href":"https:\/\/ettagoglobal.com\/pl\/wp-json\/wp\/v2\/pages"}],"about":[{"href":"https:\/\/ettagoglobal.com\/pl\/wp-json\/wp\/v2\/types\/page"}],"author":[{"embeddable":true,"href":"https:\/\/ettagoglobal.com\/pl\/wp-json\/wp\/v2\/users\/7"}],"replies":[{"embeddable":true,"href":"https:\/\/ettagoglobal.com\/pl\/wp-json\/wp\/v2\/comments?post=30089"}],"version-history":[{"count":41,"href":"https:\/\/ettagoglobal.com\/pl\/wp-json\/wp\/v2\/pages\/30089\/revisions"}],"predecessor-version":[{"id":30732,"href":"https:\/\/ettagoglobal.com\/pl\/wp-json\/wp\/v2\/pages\/30089\/revisions\/30732"}],"wp:featuredmedia":[{"embeddable":true,"href":"https:\/\/ettagoglobal.com\/pl\/wp-json\/wp\/v2\/media\/24873"}],"wp:attachment":[{"href":"https:\/\/ettagoglobal.com\/pl\/wp-json\/wp\/v2\/media?parent=30089"}],"curies":[{"name":"wp","href":"https:\/\/api.w.org\/{rel}","templated":true}]}}