{"id":24147,"date":"2022-03-21T07:50:40","date_gmt":"2022-03-21T07:50:40","guid":{"rendered":"https:\/\/flamboyant-cerf.46-242-130-188.plesk.page\/?page_id=24147"},"modified":"2022-07-26T10:17:05","modified_gmt":"2022-07-26T10:17:05","slug":"wspolpraca-i-komunikacja-miedzykulturowa","status":"publish","type":"page","link":"https:\/\/ettagoglobal.com\/pl\/wspolpraca-i-komunikacja-miedzykulturowa\/","title":{"rendered":"Wsp\u00f3\u0142praca i komunikacja mi\u0119dzykulturowa"},"content":{"rendered":"<p>[vc_row full_width=&#8221;stretch_row&#8221; css=&#8221;.vc_custom_1650532180402{background-image: url(https:\/\/ettagoglobal.com\/wp-content\/uploads\/2022\/04\/background-wspolpraca-i-komunikacja-miedzykulturowa.jpg?id=24750)&nbsp;!important;background-position: center&nbsp;!important;background-repeat: no-repeat&nbsp;!important;background-size: cover&nbsp;!important;}&#8221; el_class=&#8221;main-slide&#8221;][vc_column width=&#8221;4\/5&#8243;][vc_empty_space height=&#8221;100px&#8221;][vc_column_text]<\/p>\n<h1>Wsp\u00f3\u0142praca i&nbsp;komunikacja mi\u0119dzykulturowa<\/h1>\n<p>[\/vc_column_text][vc_empty_space height=&#8221;30px&#8221;][vc_column_text]Zarz\u0105dzanie wielokulturowym zespo\u0142em, efektywna wsp\u00f3\u0142praca i&nbsp;komunikacja z&nbsp;osobami z&nbsp;innych kultur, obs\u0142uga mi\u0119dzynarodowych klient\u00f3w, relokacja \u2013 te wszystkie tematy przepracujecie na&nbsp;wirtualnym warsztacie oferowanym przez&nbsp;ETTA Leadership&amp;Culture. Od ponad 10 lat kszta\u0142cimy globalnych lider\u00f3w! Zdob\u0105d\u017a z&nbsp;nami kompetencje przysz\u0142o\u015bci.[\/vc_column_text][vc_empty_space height=&#8221;30px&#8221;][vc_column_text el_class=&#8221;more&#8221;]<a href=\"#szkolenia\">Zobacz wszystkie treningi<\/a>[\/vc_column_text][vc_empty_space height=&#8221;100px&#8221;][\/vc_column][vc_column width=&#8221;1\/5&#8243;][\/vc_column][\/vc_row][vc_row full_width=&#8221;stretch_row&#8221; gap=&#8221;30&#8243; content_placement=&#8221;middle&#8221; el_class=&#8221;training-list&#8221; el_id=&#8221;szkolenia&#8221;][vc_column width=&#8221;1\/5&#8243;][mnky_retina_image img_url=&#8221;24804&#8243; width=&#8221;206px&#8221; height=&#8221;206px&#8221; link=&#8221;url:%2Fpl%2Fwspolpraca-i-komunikacja-miedzykulturowa%2Fzarzadzanie-miedzykulturowym-zespolem%2F&#8221;][\/vc_column][vc_column width=&#8221;3\/5&#8243;][vc_column_text]<\/p>\n<h2><a href=\"\/pl\/wspolpraca-i-komunikacja-miedzykulturowa\/zarzadzanie-miedzykulturowym-zespolem\/\">Zarz\u0105dzanie mi\u0119dzykulturowym zespo\u0142em<\/a><\/h2>\n<p>Naucz si\u0119 pracowa\u0107 ponad granicami! Spraw by mi\u0119dzykulturowa komunikacja sta\u0142a si\u0119 Twoj\u0105 codzienn\u0105 przyjemno\u015bci\u0105 i&nbsp;inspiruj\u0105cym wyzwaniem, a&nbsp;mi\u0119dzynarodowa wsp\u00f3\u0142praca by\u0142a przyjazna i&nbsp;efektywna. Od kilkunastu lat kszta\u0142cimy globalnych lider\u00f3w, zdob\u0105d\u017a z&nbsp;ETTA kompetencje przysz\u0142o\u015bci![\/vc_column_text][vc_empty_space height=&#8221;30px&#8221;][vc_column_text el_class=&#8221;more&#8221;]<a href=\"\/pl\/wspolpraca-i-komunikacja-miedzykulturowa\/zarzadzanie-miedzykulturowym-zespolem\/\">Zobacz wi\u0119cej<\/a>[\/vc_column_text][\/vc_column][vc_column width=&#8221;1\/5&#8243;][mnky_list_item icon_fontawesome=&#8221;fas fa-user-clock&#8221;]2 modu\u0142y[\/mnky_list_item][mnky_list_item icon_fontawesome=&#8221;fas fa-language&#8221;]polski \/ angielski[\/mnky_list_item][mnky_list_item icon_fontawesome=&#8221;fas fa-users&#8221;]max. 12 os\u00f3b[\/mnky_list_item][\/vc_column][\/vc_row][vc_row][vc_column][vc_separator color=&#8221;custom&#8221; accent_color=&#8221;#eaeaea&#8221;][\/vc_column][\/vc_row][vc_row full_width=&#8221;stretch_row&#8221; gap=&#8221;30&#8243; content_placement=&#8221;middle&#8221; el_class=&#8221;training-list&#8221;][vc_column width=&#8221;1\/5&#8243;][mnky_retina_image img_url=&#8221;24777&#8243; width=&#8221;206px&#8221; height=&#8221;206px&#8221; link=&#8221;url:%2Fpl%2Fwspolpraca-i-komunikacja-miedzykulturowa%2Fwspolpraca-w-miedzykulturowym-zespole%2F&#8221;][\/vc_column][vc_column width=&#8221;3\/5&#8243;][vc_column_text]<\/p>\n<h2><a href=\"\/pl\/wspolpraca-i-komunikacja-miedzykulturowa\/wspolpraca-w-miedzykulturowym-zespole\/\">Wsp\u00f3\u0142praca w&nbsp;mi\u0119dzykulturowym zespole<\/a><\/h2>\n<p>Praca w&nbsp;mi\u0119dzynarodowym, zr\u00f3\u017cnicowanym kulturowo zespole wymaga zdobycia nowych kompetencji \u2013 zrozumienia jak kultura wp\u0142ywa na&nbsp;nasz styl pracy, komunikacj\u0119, podej\u015bcie do&nbsp;czasu czy&nbsp;hierarchii w&nbsp;zespole. Tego w\u0142a\u015bnie uczymy na&nbsp;szkoleniach ETTA od kilkunastu lat.[\/vc_column_text][vc_empty_space height=&#8221;30px&#8221;][vc_column_text el_class=&#8221;more&#8221;]<a href=\"\/pl\/wspolpraca-i-komunikacja-miedzykulturowa\/wspolpraca-w-miedzykulturowym-zespole\/\">Zobacz wi\u0119cej<\/a>[\/vc_column_text][\/vc_column][vc_column width=&#8221;1\/5&#8243;][mnky_list_item icon_fontawesome=&#8221;fas fa-user-clock&#8221;]2 modu\u0142y[\/mnky_list_item][mnky_list_item icon_fontawesome=&#8221;fas fa-language&#8221;]polski \/ angielski[\/mnky_list_item][mnky_list_item icon_fontawesome=&#8221;fas fa-users&#8221;]max. 12 os\u00f3b[\/mnky_list_item][\/vc_column][\/vc_row][vc_row][vc_column][vc_separator color=&#8221;custom&#8221; accent_color=&#8221;#eaeaea&#8221;][\/vc_column][\/vc_row][vc_row full_width=&#8221;stretch_row&#8221; gap=&#8221;30&#8243; content_placement=&#8221;middle&#8221; el_class=&#8221;training-list&#8221;][vc_column width=&#8221;1\/5&#8243;][mnky_retina_image img_url=&#8221;24795&#8243; width=&#8221;206px&#8221; height=&#8221;206px&#8221; link=&#8221;url:%2Fpl%2Fwspolpraca-i-komunikacja-miedzykulturowa%2Fobsluga-klienta-w-ssc%2F&#8221;][\/vc_column][vc_column width=&#8221;3\/5&#8243;][vc_column_text]<\/p>\n<h2><a href=\"\/pl\/wspolpraca-i-komunikacja-miedzykulturowa\/obsluga-klienta-w-ssc\/\">Obs\u0142uga klienta w&nbsp;SSC<\/a><\/h2>\n<p>Dynamiczny rozw\u00f3j centr\u00f3w SSC w&nbsp;Europie \u015arodkowo-Wschodniej sprawia, \u017ce&nbsp;poziom obs\u0142ugi klienta zagranicznego staje si\u0119 kluczow\u0105 przewag\u0105 konkurencyjn\u0105. Niezb\u0119dne jest zadbanie o&nbsp;kompetencje mi\u0119dzykulturowe pracownik\u00f3w i&nbsp;ich personal branding w&nbsp;globalnej organizacji.[\/vc_column_text][vc_empty_space height=&#8221;30px&#8221;][vc_column_text el_class=&#8221;more&#8221;]<a href=\"\/pl\/wspolpraca-i-komunikacja-miedzykulturowa\/obsluga-klienta-w-ssc\/\">Zobacz wi\u0119cej<\/a>[\/vc_column_text][\/vc_column][vc_column width=&#8221;1\/5&#8243;][mnky_list_item icon_fontawesome=&#8221;fas fa-user-clock&#8221;]2 modu\u0142y[\/mnky_list_item][mnky_list_item icon_fontawesome=&#8221;fas fa-language&#8221;]polski \/ angielski[\/mnky_list_item][mnky_list_item icon_fontawesome=&#8221;fas fa-users&#8221;]max. 12 os\u00f3b[\/mnky_list_item][\/vc_column][\/vc_row][vc_row][vc_column][vc_separator color=&#8221;custom&#8221; accent_color=&#8221;#eaeaea&#8221;][\/vc_column][\/vc_row][vc_row full_width=&#8221;stretch_row&#8221; gap=&#8221;30&#8243; content_placement=&#8221;middle&#8221; el_class=&#8221;training-list&#8221;][vc_column width=&#8221;1\/5&#8243;][mnky_retina_image img_url=&#8221;24792&#8243; width=&#8221;206px&#8221; height=&#8221;206px&#8221; link=&#8221;url:%2Fpl%2Fwspolpraca-i-komunikacja-miedzykulturowa%2Ftrening-relokacyjny-dla-ekspatow%2F&#8221;][\/vc_column][vc_column width=&#8221;3\/5&#8243;][vc_column_text]<\/p>\n<h2><a href=\"\/pl\/wspolpraca-i-komunikacja-miedzykulturowa\/obsluga-klienta-w-ssc\/\">Trening relokacyjny dla&nbsp;ekspat\u00f3w<\/a><\/h2>\n<p>Trening relokacyjny to specjalne szkolenie mi\u0119dzykulturowe skierowane do&nbsp;ekspat\u00f3w. Jego celem jest poznanie podobie\u0144stw i&nbsp;r\u00f3\u017cnic kulturowych w&nbsp;biznesie i&nbsp;w \u017cyciu prywatnym. Dzi\u0119ki temu zminimalizujesz szok kulturowy i&nbsp;szybciej staniesz na&nbsp;nogi w&nbsp;nowym kraju.[\/vc_column_text][vc_empty_space height=&#8221;30px&#8221;][vc_column_text el_class=&#8221;more&#8221;]<a href=\"\/pl\/wspolpraca-i-komunikacja-miedzykulturowa\/trening-relokacyjny-dla-ekspatow\/\">Zobacz wi\u0119cej<\/a>[\/vc_column_text][\/vc_column][vc_column width=&#8221;1\/5&#8243;][mnky_list_item icon_fontawesome=&#8221;fas fa-user-clock&#8221;]4 modu\u0142y[\/mnky_list_item][mnky_list_item icon_fontawesome=&#8221;fas fa-language&#8221;]polski \/ angielski[\/mnky_list_item][mnky_list_item icon_fontawesome=&#8221;fas fa-users&#8221;]max. 12 os\u00f3b[\/mnky_list_item][\/vc_column][\/vc_row][vc_row][vc_column][vc_separator color=&#8221;custom&#8221; accent_color=&#8221;#eaeaea&#8221;][\/vc_column][\/vc_row][vc_row full_width=&#8221;stretch_row&#8221; gap=&#8221;30&#8243; content_placement=&#8221;middle&#8221; el_class=&#8221;training-list&#8221;][vc_column width=&#8221;1\/5&#8243;][mnky_retina_image img_url=&#8221;24838&#8243; width=&#8221;206px&#8221; height=&#8221;206px&#8221; link=&#8221;url:%2Fpl%2Fwspolpraca-i-komunikacja-miedzykulturowa%2Fefektywna-wspolpraca-z-hindusami-niemcami-francuzami%2F&#8221;][\/vc_column][vc_column width=&#8221;3\/5&#8243;][vc_column_text]<\/p>\n<h2><a href=\"\/pl\/wspolpraca-i-komunikacja-miedzykulturowa\/efektywna-wspolpraca-z-hindusami-niemcami-francuzami\/\">Efektywna wsp\u00f3\u0142praca z&nbsp;Hindusami, Niemcami, Francuzami\u2026 i&nbsp;innymi kulturami<\/a><\/h2>\n<p>Szkolenie dotycz\u0105ce kultury Twojego partnera biznesowego pozwoli Ci zarz\u0105dza\u0107 zadaniami tak, aby&nbsp;otrzymywa\u0107 je w&nbsp;wyznaczonym przez&nbsp;siebie terminie, i&nbsp;rozumie\u0107, jak zbudowa\u0107 d\u0142ugofalow\u0105 relacj\u0119 z&nbsp;osobami z&nbsp;innych kultur. W&nbsp;ETTA zam\u00f3wisz szkolenie o&nbsp;kulturze ka\u017cdego kraju.[\/vc_column_text][vc_empty_space height=&#8221;30px&#8221;][vc_column_text el_class=&#8221;more&#8221;]<a href=\"\/pl\/wspolpraca-i-komunikacja-miedzykulturowa\/efektywna-wspolpraca-z-hindusami-niemcami-francuzami\/\">Zobacz wi\u0119cej<\/a>[\/vc_column_text][\/vc_column][vc_column width=&#8221;1\/5&#8243;][mnky_list_item icon_fontawesome=&#8221;fas fa-user-clock&#8221;]2 modu\u0142y[\/mnky_list_item][mnky_list_item icon_fontawesome=&#8221;fas fa-language&#8221;]polski \/ angielski[\/mnky_list_item][mnky_list_item icon_fontawesome=&#8221;fas fa-users&#8221;]max. 12 os\u00f3b[\/mnky_list_item][\/vc_column][\/vc_row][vc_row][vc_column][vc_separator color=&#8221;custom&#8221; accent_color=&#8221;#eaeaea&#8221;][\/vc_column][\/vc_row][vc_row full_width=&#8221;stretch_row&#8221; gap=&#8221;30&#8243; content_placement=&#8221;middle&#8221; el_class=&#8221;training-list&#8221;][vc_column width=&#8221;1\/5&#8243;][mnky_retina_image img_url=&#8221;24780&#8243; width=&#8221;206px&#8221; height=&#8221;206px&#8221; link=&#8221;url:%2Fpl%2Fwspolpraca-i-komunikacja-miedzykulturowa%2Fzarzadzanie-pracownikami-z-ukrainy%2F&#8221;][\/vc_column][vc_column width=&#8221;3\/5&#8243;][vc_column_text]<\/p>\n<h2><a href=\"\/pl\/wspolpraca-i-komunikacja-miedzykulturowa\/zarzadzanie-pracownikami-z-ukrainy\/\">Zarz\u0105dzanie pracownikami z&nbsp;Ukrainy<\/a><\/h2>\n<p>Pracownicy pochodz\u0105cy z&nbsp;Ukrainy s\u0105 z&nbsp;jednej strony podobni do&nbsp;Polak\u00f3w, a&nbsp;z drugiej istnieje szereg r\u00f3\u017cnic kulturowych, kt\u00f3re maj\u0105 znaczenie w&nbsp;codziennej pracy. Poznaj\u0105c je wcze\u015bniej, liderzy mog\u0105 skuteczniej wspiera\u0107 swoje wielokulturowe zespo\u0142y w&nbsp;integracji i&nbsp;wzajemnej akceptacji.[\/vc_column_text][vc_empty_space height=&#8221;30px&#8221;][vc_column_text el_class=&#8221;more&#8221;]<a href=\"\/pl\/wspolpraca-i-komunikacja-miedzykulturowa\/zarzadzanie-pracownikami-z-ukrainy\/\">Zobacz wi\u0119cej<\/a>[\/vc_column_text][\/vc_column][vc_column width=&#8221;1\/5&#8243;][mnky_list_item icon_fontawesome=&#8221;fas fa-user-clock&#8221;]2 modu\u0142y[\/mnky_list_item][mnky_list_item icon_fontawesome=&#8221;fas fa-language&#8221;]polski \/ angielski[\/mnky_list_item][mnky_list_item icon_fontawesome=&#8221;fas fa-users&#8221;]max. 12 os\u00f3b[\/mnky_list_item][\/vc_column][\/vc_row][vc_row full_width=&#8221;stretch_row&#8221;][vc_column][vc_column_text]<div data-post-id=\"1508\" class=\"insert-page insert-page-1508 \"><p>[vc_row full_width=&#8221;stretch_row&#8221;][vc_column][vc_empty_space height=&#8221;30px&#8221;][vc_column_text]<\/p>\n<h2>Porozmawiajmy o&nbsp;rozwi\u0105zaniu dopasowanym do&nbsp;Twojego biznesu<\/h2>\n<p>[\/vc_column_text][vc_empty_space height=&#8221;60px&#8221;][\/vc_column][\/vc_row][vc_row content_placement=&#8221;middle&#8221; el_class=&#8221;contact-form&#8221;][vc_column width=&#8221;5\/12&#8243;][mnky_retina_image img_url=&#8221;24770&#8243; el_class=&#8221;radius&#8221;][\/vc_column][vc_column width=&#8221;7\/12&#8243; el_class=&#8221;right-column&#8221;][vc_empty_space height=&#8221;30px&#8221;][vc_column_text]<\/p>\n<h3>Skontaktuj si\u0119 z&nbsp;nami<\/h3>\n<p>[\/vc_column_text][vc_empty_space height=&#8221;15px&#8221;][vc_column_text]<span style=\"font-weight: 400;\">Zastanawiasz si\u0119 jakie szkolenie b\u0119dzie optymalne dla&nbsp;Twojej firmy? Napisz do&nbsp;nas, a&nbsp;dopasujemy najlepsze rozwi\u0105zanie.<\/span>[\/vc_column_text][vc_empty_space height=&#8221;15px&#8221;]\n<div class=\"wpcf7 no-js\" id=\"wpcf7-f1454-p1508-o1\" lang=\"pl-PL\" dir=\"ltr\" data-wpcf7-id=\"1454\">\n<div class=\"screen-reader-response\"><p role=\"status\" aria-live=\"polite\" aria-atomic=\"true\"><\/p> <ul><\/ul><\/div>\n<form action=\"\/pl\/wp-json\/wp\/v2\/pages\/24147#wpcf7-f1454-p1508-o1\" method=\"post\" class=\"wpcf7-form init\" aria-label=\"Formularz kontaktowy\" novalidate=\"novalidate\" data-status=\"init\">\n<fieldset class=\"hidden-fields-container\"><input type=\"hidden\" name=\"_wpcf7\" value=\"1454\" \/><input type=\"hidden\" name=\"_wpcf7_version\" value=\"6.1.5\" \/><input type=\"hidden\" name=\"_wpcf7_locale\" value=\"pl_PL\" \/><input type=\"hidden\" name=\"_wpcf7_unit_tag\" value=\"wpcf7-f1454-p1508-o1\" \/><input type=\"hidden\" name=\"_wpcf7_container_post\" value=\"1508\" \/><input type=\"hidden\" name=\"_wpcf7_posted_data_hash\" value=\"\" \/><input type=\"hidden\" name=\"_wpcf7_recaptcha_response\" value=\"\" \/>\n<\/fieldset>\n<div>\n\t<p><span class=\"wpcf7-form-control-wrap\" data-name=\"your-tel\"><input size=\"40\" maxlength=\"400\" class=\"wpcf7-form-control wpcf7-tel wpcf7-validates-as-required wpcf7-text wpcf7-validates-as-tel\" autocomplete=\"off\" aria-required=\"true\" aria-invalid=\"false\" placeholder=\"Numer telefonu\" value=\"\" type=\"tel\" name=\"your-tel\" \/><\/span>\n\t<\/p>\n<\/div>\n<div>\n\t<p><span class=\"wpcf7-form-control-wrap\" data-name=\"your-email\"><input size=\"40\" maxlength=\"400\" class=\"wpcf7-form-control wpcf7-email wpcf7-validates-as-required wpcf7-text wpcf7-validates-as-email\" autocomplete=\"off\" aria-required=\"true\" aria-invalid=\"false\" placeholder=\"Firmowy adres e-mail\" value=\"\" type=\"email\" name=\"your-email\" \/><\/span>\n\t<\/p>\n<\/div>\n<div>\n\t<p><span class=\"wpcf7-form-control-wrap\" data-name=\"your-subject\"><textarea cols=\"40\" rows=\"10\" maxlength=\"2000\" class=\"wpcf7-form-control wpcf7-textarea wpcf7-validates-as-required\" autocomplete=\"off\" aria-required=\"true\" aria-invalid=\"false\" placeholder=\"Temat rozmowy\" name=\"your-subject\"><\/textarea><\/span>\n\t<\/p>\n<\/div>\n<div>\n\t<p><span class=\"wpcf7-form-control-wrap\" data-name=\"acceptance-1\"><span class=\"wpcf7-form-control wpcf7-acceptance\"><span class=\"wpcf7-list-item\"><label><input type=\"checkbox\" name=\"acceptance-1\" value=\"1\" aria-invalid=\"false\" \/><span class=\"wpcf7-list-item-label\">Wyra\u017casz zgod\u0119 na kontakt telefoniczny w celu obs\u0142ugi niniejszego zg\u0142oszenia. Wyra\u017casz zgod\u0119 na otrzymywanie informacji handlowych \u015brodkami komunikacji elektronicznej wysy\u0142anymi przez www.ettagoglobal.com oraz na wykorzystanie komunikacji email w celach marketingowych <a href=\"https:\/\/ettagoglobal.com\/pl\/polityka-prywatnosci\/\" target=\"_blank\">(Polityka Prywatno\u015bci)<\/a>.<\/span><\/label><\/span><\/span><\/span>\n\t<\/p>\n<\/div>\n<div>\n\t<p><input class=\"wpcf7-form-control wpcf7-submit has-spinner\" type=\"submit\" value=\"Wy\u015blij\" \/>\n\t<\/p>\n<\/div>\n<div style=\"display:none;\">\n\t<p><span class=\"wpcf7-form-control-wrap\" data-name=\"page-url\"><input size=\"40\" maxlength=\"400\" class=\"wpcf7-form-control wpcf7-text\" aria-invalid=\"false\" value=\"https:\/\/www.ettagoglobal.com\/pl\/wp-json\/wp\/v2\/pages\/24147\" type=\"text\" name=\"page-url\" \/><\/span>\n\t<\/p>\n<\/div><div class=\"wpcf7-response-output\" aria-hidden=\"true\"><\/div>\n<\/form>\n<\/div>\n[vc_empty_space height=&#8221;30px&#8221;][\/vc_column][\/vc_row][vc_row][vc_column][vc_empty_space height=&#8221;60px&#8221;][\/vc_column][\/vc_row]<\/p>\n<\/div>[\/vc_column_text][\/vc_column][\/vc_row]<\/p>\n","protected":false},"excerpt":{"rendered":"<p>[vc_row full_width=&#8221;stretch_row&#8221; css=&#8221;.vc_custom_1650532180402{background-image: url(https:\/\/ettagoglobal.com\/wp-content\/uploads\/2022\/04\/background-wspolpraca-i-komunikacja-miedzykulturowa.jpg?id=24750)&nbsp;!important;background-position: center&nbsp;!important;background-repeat: no-repeat&nbsp;!important;background-size: cover&nbsp;!important;}&#8221; el_class=&#8221;main-slide&#8221;][vc_column width=&#8221;4\/5&#8243;][vc_empty_space height=&#8221;100px&#8221;][vc_column_text] Wsp\u00f3\u0142praca i&nbsp;komunikacja mi\u0119dzykulturowa [\/vc_column_text][vc_empty_space height=&#8221;30px&#8221;][vc_column_text]Zarz\u0105dzanie wielokulturowym zespo\u0142em, efektywna wsp\u00f3\u0142praca i&nbsp;komunikacja &hellip; <\/p>\n","protected":false},"author":1,"featured_media":0,"parent":0,"menu_order":53,"comment_status":"closed","ping_status":"closed","template":"page-no-paddings.php","meta":{"_acf_changed":false,"footnotes":"","_links_to":"","_links_to_target":""},"class_list":["post-24147","page","type-page","status-publish","hentry"],"acf":[],"yoast_head":"<!-- This site is optimized with the Yoast SEO plugin v27.3 - https:\/\/yoast.com\/product\/yoast-seo-wordpress\/ -->\n<title>Wsp\u00f3\u0142praca i komunikacja mi\u0119dzykulturowa - ETTA<\/title>\n<meta name=\"robots\" content=\"index, follow, max-snippet:-1, max-image-preview:large, max-video-preview:-1\" \/>\n<link rel=\"canonical\" href=\"https:\/\/ettagoglobal.com\/pl\/wspolpraca-i-komunikacja-miedzykulturowa\/\" \/>\n<meta property=\"og:locale\" content=\"pl_PL\" \/>\n<meta property=\"og:type\" content=\"article\" \/>\n<meta property=\"og:title\" content=\"Wsp\u00f3\u0142praca i komunikacja mi\u0119dzykulturowa - ETTA\" \/>\n<meta property=\"og:description\" content=\"[vc_row full_width=&#8221;stretch_row&#8221; css=&#8221;.vc_custom_1650532180402{background-image: url(https:\/\/ettagoglobal.com\/wp-content\/uploads\/2022\/04\/background-wspolpraca-i-komunikacja-miedzykulturowa.jpg?id=24750)&nbsp;!important;background-position: center&nbsp;!important;background-repeat: no-repeat&nbsp;!important;background-size: cover&nbsp;!important;}&#8221; el_class=&#8221;main-slide&#8221;][vc_column width=&#8221;4\/5&#8243;][vc_empty_space height=&#8221;100px&#8221;][vc_column_text] Wsp\u00f3\u0142praca i&nbsp;komunikacja mi\u0119dzykulturowa [\/vc_column_text][vc_empty_space height=&#8221;30px&#8221;][vc_column_text]Zarz\u0105dzanie wielokulturowym zespo\u0142em, efektywna wsp\u00f3\u0142praca i&nbsp;komunikacja &hellip;\" \/>\n<meta property=\"og:url\" content=\"https:\/\/ettagoglobal.com\/pl\/wspolpraca-i-komunikacja-miedzykulturowa\/\" \/>\n<meta property=\"og:site_name\" content=\"ETTA\" \/>\n<meta property=\"article:modified_time\" content=\"2022-07-26T10:17:05+00:00\" \/>\n<meta property=\"og:image\" content=\"https:\/\/ettagoglobal.com\/wp-content\/uploads\/2022\/02\/etta_logo_retina-1.png\" \/>\n\t<meta property=\"og:image:width\" content=\"410\" \/>\n\t<meta property=\"og:image:height\" content=\"150\" \/>\n\t<meta property=\"og:image:type\" content=\"image\/png\" \/>\n<meta name=\"twitter:card\" content=\"summary_large_image\" \/>\n<meta name=\"twitter:label1\" content=\"Szacowany czas czytania\" \/>\n\t<meta name=\"twitter:data1\" content=\"3 minuty\" \/>\n<script type=\"application\/ld+json\" class=\"yoast-schema-graph\">{\"@context\":\"https:\\\/\\\/schema.org\",\"@graph\":[{\"@type\":\"WebPage\",\"@id\":\"https:\\\/\\\/ettagoglobal.com\\\/pl\\\/wspolpraca-i-komunikacja-miedzykulturowa\\\/\",\"url\":\"https:\\\/\\\/ettagoglobal.com\\\/pl\\\/wspolpraca-i-komunikacja-miedzykulturowa\\\/\",\"name\":\"Wsp\u00f3\u0142praca i komunikacja mi\u0119dzykulturowa - ETTA\",\"isPartOf\":{\"@id\":\"https:\\\/\\\/ettagoglobal.com\\\/#website\"},\"datePublished\":\"2022-03-21T07:50:40+00:00\",\"dateModified\":\"2022-07-26T10:17:05+00:00\",\"breadcrumb\":{\"@id\":\"https:\\\/\\\/ettagoglobal.com\\\/pl\\\/wspolpraca-i-komunikacja-miedzykulturowa\\\/#breadcrumb\"},\"inLanguage\":\"pl-PL\",\"potentialAction\":[{\"@type\":\"ReadAction\",\"target\":[\"https:\\\/\\\/ettagoglobal.com\\\/pl\\\/wspolpraca-i-komunikacja-miedzykulturowa\\\/\"]}]},{\"@type\":\"BreadcrumbList\",\"@id\":\"https:\\\/\\\/ettagoglobal.com\\\/pl\\\/wspolpraca-i-komunikacja-miedzykulturowa\\\/#breadcrumb\",\"itemListElement\":[{\"@type\":\"ListItem\",\"position\":1,\"name\":\"Strona g\u0142\u00f3wna\",\"item\":\"https:\\\/\\\/ettagoglobal.com\\\/pl\\\/home-2\\\/\"},{\"@type\":\"ListItem\",\"position\":2,\"name\":\"Wsp\u00f3\u0142praca i komunikacja mi\u0119dzykulturowa\"}]},{\"@type\":\"WebSite\",\"@id\":\"https:\\\/\\\/ettagoglobal.com\\\/#website\",\"url\":\"https:\\\/\\\/ettagoglobal.com\\\/\",\"name\":\"ETTA\",\"description\":\"Global Connections. Let&#039;s do it bETTA!\",\"potentialAction\":[{\"@type\":\"SearchAction\",\"target\":{\"@type\":\"EntryPoint\",\"urlTemplate\":\"https:\\\/\\\/ettagoglobal.com\\\/?s={search_term_string}\"},\"query-input\":{\"@type\":\"PropertyValueSpecification\",\"valueRequired\":true,\"valueName\":\"search_term_string\"}}],\"inLanguage\":\"pl-PL\"}]}<\/script>\n<!-- \/ Yoast SEO plugin. -->","yoast_head_json":{"title":"Wsp\u00f3\u0142praca i komunikacja mi\u0119dzykulturowa - ETTA","robots":{"index":"index","follow":"follow","max-snippet":"max-snippet:-1","max-image-preview":"max-image-preview:large","max-video-preview":"max-video-preview:-1"},"canonical":"https:\/\/ettagoglobal.com\/pl\/wspolpraca-i-komunikacja-miedzykulturowa\/","og_locale":"pl_PL","og_type":"article","og_title":"Wsp\u00f3\u0142praca i komunikacja mi\u0119dzykulturowa - ETTA","og_description":"[vc_row full_width=&#8221;stretch_row&#8221; css=&#8221;.vc_custom_1650532180402{background-image: url(https:\/\/ettagoglobal.com\/wp-content\/uploads\/2022\/04\/background-wspolpraca-i-komunikacja-miedzykulturowa.jpg?id=24750)&nbsp;!important;background-position: center&nbsp;!important;background-repeat: no-repeat&nbsp;!important;background-size: cover&nbsp;!important;}&#8221; el_class=&#8221;main-slide&#8221;][vc_column width=&#8221;4\/5&#8243;][vc_empty_space height=&#8221;100px&#8221;][vc_column_text] Wsp\u00f3\u0142praca i&nbsp;komunikacja mi\u0119dzykulturowa [\/vc_column_text][vc_empty_space height=&#8221;30px&#8221;][vc_column_text]Zarz\u0105dzanie wielokulturowym zespo\u0142em, efektywna wsp\u00f3\u0142praca i&nbsp;komunikacja &hellip;","og_url":"https:\/\/ettagoglobal.com\/pl\/wspolpraca-i-komunikacja-miedzykulturowa\/","og_site_name":"ETTA","article_modified_time":"2022-07-26T10:17:05+00:00","og_image":[{"width":410,"height":150,"url":"https:\/\/ettagoglobal.com\/wp-content\/uploads\/2022\/02\/etta_logo_retina-1.png","type":"image\/png"}],"twitter_card":"summary_large_image","twitter_misc":{"Szacowany czas czytania":"3 minuty"},"schema":{"@context":"https:\/\/schema.org","@graph":[{"@type":"WebPage","@id":"https:\/\/ettagoglobal.com\/pl\/wspolpraca-i-komunikacja-miedzykulturowa\/","url":"https:\/\/ettagoglobal.com\/pl\/wspolpraca-i-komunikacja-miedzykulturowa\/","name":"Wsp\u00f3\u0142praca i komunikacja mi\u0119dzykulturowa - ETTA","isPartOf":{"@id":"https:\/\/ettagoglobal.com\/#website"},"datePublished":"2022-03-21T07:50:40+00:00","dateModified":"2022-07-26T10:17:05+00:00","breadcrumb":{"@id":"https:\/\/ettagoglobal.com\/pl\/wspolpraca-i-komunikacja-miedzykulturowa\/#breadcrumb"},"inLanguage":"pl-PL","potentialAction":[{"@type":"ReadAction","target":["https:\/\/ettagoglobal.com\/pl\/wspolpraca-i-komunikacja-miedzykulturowa\/"]}]},{"@type":"BreadcrumbList","@id":"https:\/\/ettagoglobal.com\/pl\/wspolpraca-i-komunikacja-miedzykulturowa\/#breadcrumb","itemListElement":[{"@type":"ListItem","position":1,"name":"Strona g\u0142\u00f3wna","item":"https:\/\/ettagoglobal.com\/pl\/home-2\/"},{"@type":"ListItem","position":2,"name":"Wsp\u00f3\u0142praca i komunikacja mi\u0119dzykulturowa"}]},{"@type":"WebSite","@id":"https:\/\/ettagoglobal.com\/#website","url":"https:\/\/ettagoglobal.com\/","name":"ETTA","description":"Global Connections. Let&#039;s do it bETTA!","potentialAction":[{"@type":"SearchAction","target":{"@type":"EntryPoint","urlTemplate":"https:\/\/ettagoglobal.com\/?s={search_term_string}"},"query-input":{"@type":"PropertyValueSpecification","valueRequired":true,"valueName":"search_term_string"}}],"inLanguage":"pl-PL"}]}},"_links":{"self":[{"href":"https:\/\/ettagoglobal.com\/pl\/wp-json\/wp\/v2\/pages\/24147","targetHints":{"allow":["GET"]}}],"collection":[{"href":"https:\/\/ettagoglobal.com\/pl\/wp-json\/wp\/v2\/pages"}],"about":[{"href":"https:\/\/ettagoglobal.com\/pl\/wp-json\/wp\/v2\/types\/page"}],"author":[{"embeddable":true,"href":"https:\/\/ettagoglobal.com\/pl\/wp-json\/wp\/v2\/users\/1"}],"replies":[{"embeddable":true,"href":"https:\/\/ettagoglobal.com\/pl\/wp-json\/wp\/v2\/comments?post=24147"}],"version-history":[{"count":0,"href":"https:\/\/ettagoglobal.com\/pl\/wp-json\/wp\/v2\/pages\/24147\/revisions"}],"wp:attachment":[{"href":"https:\/\/ettagoglobal.com\/pl\/wp-json\/wp\/v2\/media?parent=24147"}],"curies":[{"name":"wp","href":"https:\/\/api.w.org\/{rel}","templated":true}]}}